{"id":20,"date":"2019-11-14T21:07:58","date_gmt":"2019-11-15T03:07:58","guid":{"rendered":"https:\/\/emso.progressionstudios.com\/?page_id=20"},"modified":"2020-05-15T17:25:33","modified_gmt":"2020-05-15T23:25:33","slug":"pregunta-frecuentes","status":"publish","type":"page","link":"https:\/\/congelplus.com\/index.php\/pregunta-frecuentes\/","title":{"rendered":"Preguntas frecuentes"},"content":{"rendered":"\t\t<div data-elementor-type=\"wp-page\" data-elementor-id=\"20\" class=\"elementor elementor-20\">\n\t\t\t\t\t\t<section class=\"elementor-section elementor-top-section elementor-element elementor-element-6810d31b elementor-section-boxed elementor-section-height-default elementor-section-height-default\" data-id=\"6810d31b\" data-element_type=\"section\">\n\t\t\t\t\t\t<div class=\"elementor-container elementor-column-gap-default\">\n\t\t\t\t\t<div class=\"elementor-column elementor-col-100 elementor-top-column elementor-element elementor-element-34c9a9c1\" data-id=\"34c9a9c1\" data-element_type=\"column\">\n\t\t\t<div class=\"elementor-widget-wrap elementor-element-populated\">\n\t\t\t\t\t\t<div class=\"elementor-element elementor-element-5d21769f elementor-widget elementor-widget-accordion\" data-id=\"5d21769f\" data-element_type=\"widget\" id=\"faq-emso\" data-widget_type=\"accordion.default\">\n\t\t\t\t<div class=\"elementor-widget-container\">\n\t\t\t\t\t<div class=\"elementor-accordion\">\n\t\t\t\t\t\t\t<div class=\"elementor-accordion-item\">\n\t\t\t\t\t<h5 id=\"elementor-tab-title-1561\" class=\"elementor-tab-title\" data-tab=\"1\" role=\"button\" aria-controls=\"elementor-tab-content-1561\" aria-expanded=\"false\">\n\t\t\t\t\t\t\t\t\t\t\t\t\t<span class=\"elementor-accordion-icon elementor-accordion-icon-right\" aria-hidden=\"true\">\n\t\t\t\t\t\t\t\t\t\t\t\t\t\t\t<span class=\"elementor-accordion-icon-closed\"><i class=\"fas fa-plus\"><\/i><\/span>\n\t\t\t\t\t\t\t\t<span class=\"elementor-accordion-icon-opened\"><i class=\"fas fa-minus\"><\/i><\/span>\n\t\t\t\t\t\t\t\t\t\t\t\t\t\t<\/span>\n\t\t\t\t\t\t\t\t\t\t\t\t<a class=\"elementor-accordion-title\" tabindex=\"0\">1.\u00bfCu\u00e1ndo uso la compresa en fr\u00edo y cuando usar calor<\/a>\n\t\t\t\t\t<\/h5>\n\t\t\t\t\t<div id=\"elementor-tab-content-1561\" class=\"elementor-tab-content elementor-clearfix\" data-tab=\"1\" role=\"region\" aria-labelledby=\"elementor-tab-title-1561\"><p>R\/ Aplicaci\u00f3n de fr\u00edo: cuando se producen inflamaciones, como es el caso de los esguinces, golpes o rotura de fibras en sus primeros d\u00edas. Con la aplicaci\u00f3n de fr\u00edo en estas circunstancias se har\u00e1 disminuir la inflamaci\u00f3n al hacer que disminuya el aporte sangu\u00edneo y por tanto los agentes que producen inflamaci\u00f3n. Generalmente durante las primeras 72 horas \u00f3 hasta que disminuya la inflamaci\u00f3n.<\/p><p>La puedes usar 10 minutos en fr\u00edo, luego retiras hasta que la temperatura corporal vuelva a su normalidad y luego puedes volver a usar.<\/p><p>Aplicaci\u00f3n de calor: en el caso de contracturas musculares causadas por el entrenamiento o estr\u00e9s. El calor, la aplicaci\u00f3n ser\u00e1 de intervalos de 5-15 minutos.<\/p><\/div>\n\t\t\t\t<\/div>\n\t\t\t\t\t\t\t<div class=\"elementor-accordion-item\">\n\t\t\t\t\t<h5 id=\"elementor-tab-title-1562\" class=\"elementor-tab-title\" data-tab=\"2\" role=\"button\" aria-controls=\"elementor-tab-content-1562\" aria-expanded=\"false\">\n\t\t\t\t\t\t\t\t\t\t\t\t\t<span class=\"elementor-accordion-icon elementor-accordion-icon-right\" aria-hidden=\"true\">\n\t\t\t\t\t\t\t\t\t\t\t\t\t\t\t<span class=\"elementor-accordion-icon-closed\"><i class=\"fas fa-plus\"><\/i><\/span>\n\t\t\t\t\t\t\t\t<span class=\"elementor-accordion-icon-opened\"><i class=\"fas fa-minus\"><\/i><\/span>\n\t\t\t\t\t\t\t\t\t\t\t\t\t\t<\/span>\n\t\t\t\t\t\t\t\t\t\t\t\t<a class=\"elementor-accordion-title\" tabindex=\"0\">2.\u00bf Para que sirve al compresa fr\u00eda o caliente?<\/a>\n\t\t\t\t\t<\/h5>\n\t\t\t\t\t<div id=\"elementor-tab-content-1562\" class=\"elementor-tab-content elementor-clearfix\" data-tab=\"2\" role=\"region\" aria-labelledby=\"elementor-tab-title-1562\"><p>En fr\u00edo alivia golpes, inflamaciones, torceduras y esguinces, dolores de cabeza, dolor de muelas, quemaduras menores y picaduras de insectos. Ideal para bajar la fiebre. Se recomienda utilizar un pa\u00f1o \u00f3 aislante para envolver la compresa, esto evitar\u00e1 una quemadura.<\/p><p>En calor relaja contracciones, tensiones y dolores musculares. Eficaz para lumbago, reumatismo, dolores de espalda, ci\u00e1tica, y dolores articulares. Se recomienda utilizar un pa\u00f1o \u00f3 aislante para envolver la compresa, esto evitar\u00e1 una quemadura.<\/p><\/div>\n\t\t\t\t<\/div>\n\t\t\t\t\t\t\t<div class=\"elementor-accordion-item\">\n\t\t\t\t\t<h5 id=\"elementor-tab-title-1563\" class=\"elementor-tab-title\" data-tab=\"3\" role=\"button\" aria-controls=\"elementor-tab-content-1563\" aria-expanded=\"false\">\n\t\t\t\t\t\t\t\t\t\t\t\t\t<span class=\"elementor-accordion-icon elementor-accordion-icon-right\" aria-hidden=\"true\">\n\t\t\t\t\t\t\t\t\t\t\t\t\t\t\t<span class=\"elementor-accordion-icon-closed\"><i class=\"fas fa-plus\"><\/i><\/span>\n\t\t\t\t\t\t\t\t<span class=\"elementor-accordion-icon-opened\"><i class=\"fas fa-minus\"><\/i><\/span>\n\t\t\t\t\t\t\t\t\t\t\t\t\t\t<\/span>\n\t\t\t\t\t\t\t\t\t\t\t\t<a class=\"elementor-accordion-title\" tabindex=\"0\">3. \u00bfD\u00f3nde guardo la compresa cuando lo la uso?<\/a>\n\t\t\t\t\t<\/h5>\n\t\t\t\t\t<div id=\"elementor-tab-content-1563\" class=\"elementor-tab-content elementor-clearfix\" data-tab=\"3\" role=\"region\" aria-labelledby=\"elementor-tab-title-1563\"><p>R\/ la puedes guardar en el refrigerador\/ abajo o en un lugar fresco.<\/p><\/div>\n\t\t\t\t<\/div>\n\t\t\t\t\t\t\t<div class=\"elementor-accordion-item\">\n\t\t\t\t\t<h5 id=\"elementor-tab-title-1564\" class=\"elementor-tab-title\" data-tab=\"4\" role=\"button\" aria-controls=\"elementor-tab-content-1564\" aria-expanded=\"false\">\n\t\t\t\t\t\t\t\t\t\t\t\t\t<span class=\"elementor-accordion-icon elementor-accordion-icon-right\" aria-hidden=\"true\">\n\t\t\t\t\t\t\t\t\t\t\t\t\t\t\t<span class=\"elementor-accordion-icon-closed\"><i class=\"fas fa-plus\"><\/i><\/span>\n\t\t\t\t\t\t\t\t<span class=\"elementor-accordion-icon-opened\"><i class=\"fas fa-minus\"><\/i><\/span>\n\t\t\t\t\t\t\t\t\t\t\t\t\t\t<\/span>\n\t\t\t\t\t\t\t\t\t\t\t\t<a class=\"elementor-accordion-title\" tabindex=\"0\">4. Recordatorio importante<\/a>\n\t\t\t\t\t<\/h5>\n\t\t\t\t\t<div id=\"elementor-tab-content-1564\" class=\"elementor-tab-content elementor-clearfix\" data-tab=\"4\" role=\"region\" aria-labelledby=\"elementor-tab-title-1564\"><p>IMPORTANTE:<\/p><p>La primera vez que se va a utilizar en fr\u00edo mantener en el congelador por una hora o dos horas y luego mantener siempre en el freezer\/ refrigerador (abajo) para ser usado en fr\u00edo, en caso de emergencias.<\/p><p>Si al calentar la compresa en microondas se infla como un globo, detenga inmediatamente, la compresa est\u00e1 muy caliente, tenga cuidado al retirarla del microondas.<\/p><\/div>\n\t\t\t\t<\/div>\n\t\t\t\t\t\t\t\t<\/div>\n\t\t\t\t<\/div>\n\t\t\t\t<\/div>\n\t\t\t\t\t<\/div>\n\t\t<\/div>\n\t\t\t\t\t<\/div>\n\t\t<\/section>\n\t\t\t\t<section class=\"elementor-section elementor-top-section elementor-element elementor-element-1e4091c5 elementor-section-boxed elementor-section-height-default elementor-section-height-default\" data-id=\"1e4091c5\" data-element_type=\"section\">\n\t\t\t\t\t\t<div class=\"elementor-container elementor-column-gap-default\">\n\t\t\t\t\t<div class=\"elementor-column elementor-col-100 elementor-top-column elementor-element elementor-element-73ae0de8\" data-id=\"73ae0de8\" data-element_type=\"column\">\n\t\t\t<div class=\"elementor-widget-wrap elementor-element-populated\">\n\t\t\t\t\t\t<div class=\"elementor-element elementor-element-4936dbce elementor-widget elementor-widget-heading\" data-id=\"4936dbce\" data-element_type=\"widget\" data-widget_type=\"heading.default\">\n\t\t\t\t<div class=\"elementor-widget-container\">\n\t\t\t<h2 class=\"elementor-heading-title elementor-size-default\">\u00bfTodav\u00eda tienes preguntas?<\/h2>\t\t<\/div>\n\t\t\t\t<\/div>\n\t\t\t\t<div class=\"elementor-element elementor-element-4ad9ccc5 elementor-align-center elementor-widget elementor-widget-button\" data-id=\"4ad9ccc5\" data-element_type=\"widget\" data-widget_type=\"button.default\">\n\t\t\t\t<div class=\"elementor-widget-container\">\n\t\t\t\t\t<div class=\"elementor-button-wrapper\">\n\t\t\t<a class=\"elementor-button elementor-button-link elementor-size-sm\" href=\"\/contact\/\">\n\t\t\t\t\t\t<span class=\"elementor-button-content-wrapper\">\n\t\t\t\t\t\t<span class=\"elementor-button-text\">P\u00d3NGASE EN CONTACTO CON NOSOTROS<\/span>\n\t\t<\/span>\n\t\t\t\t\t<\/a>\n\t\t<\/div>\n\t\t\t\t<\/div>\n\t\t\t\t<\/div>\n\t\t\t\t\t<\/div>\n\t\t<\/div>\n\t\t\t\t\t<\/div>\n\t\t<\/section>\n\t\t\t\t<\/div>\n\t\t","protected":false},"excerpt":{"rendered":"<p>1.\u00bfCu\u00e1ndo uso la compresa en fr\u00edo y cuando usar calor R\/ Aplicaci\u00f3n de fr\u00edo: cuando se producen inflamaciones, como es el caso de los esguinces, golpes o rotura de fibras en sus primeros d\u00edas. Con la aplicaci\u00f3n de fr\u00edo en estas circunstancias se har\u00e1 disminuir la inflamaci\u00f3n al hacer que disminuya el aporte sangu\u00edneo y [&hellip;]<\/p>\n","protected":false},"author":3,"featured_media":0,"parent":0,"menu_order":0,"comment_status":"closed","ping_status":"closed","template":"","meta":{"footnotes":""},"class_list":["post-20","page","type-page","status-publish","hentry"],"_links":{"self":[{"href":"https:\/\/congelplus.com\/index.php\/wp-json\/wp\/v2\/pages\/20","targetHints":{"allow":["GET"]}}],"collection":[{"href":"https:\/\/congelplus.com\/index.php\/wp-json\/wp\/v2\/pages"}],"about":[{"href":"https:\/\/congelplus.com\/index.php\/wp-json\/wp\/v2\/types\/page"}],"author":[{"embeddable":true,"href":"https:\/\/congelplus.com\/index.php\/wp-json\/wp\/v2\/users\/3"}],"replies":[{"embeddable":true,"href":"https:\/\/congelplus.com\/index.php\/wp-json\/wp\/v2\/comments?post=20"}],"version-history":[{"count":2,"href":"https:\/\/congelplus.com\/index.php\/wp-json\/wp\/v2\/pages\/20\/revisions"}],"predecessor-version":[{"id":521,"href":"https:\/\/congelplus.com\/index.php\/wp-json\/wp\/v2\/pages\/20\/revisions\/521"}],"wp:attachment":[{"href":"https:\/\/congelplus.com\/index.php\/wp-json\/wp\/v2\/media?parent=20"}],"curies":[{"name":"wp","href":"https:\/\/api.w.org\/{rel}","templated":true}]}}